{"id":790,"date":"2014-03-02T18:54:49","date_gmt":"2014-03-02T18:54:49","guid":{"rendered":"http:\/\/astrid-kruse.de\/?post_type=portfolio&#038;p=790"},"modified":"2016-11-12T20:18:37","modified_gmt":"2016-11-12T20:18:37","slug":"kunst-verbindet-jung-und-alt-malschueler-malen-mit-heimbewohnern","status":"publish","type":"portfolio","link":"http:\/\/astrid-kruse.de\/?portfolio=kunst-verbindet-jung-und-alt-malschueler-malen-mit-heimbewohnern","title":{"rendered":"Gestaltungs- und Besch\u00e4ftigungstherapie im Pflegeheim Hirt, Spaichingen"},"content":{"rendered":"<h4><span style=\"color: #800080;\">Gestaltungs- und Besch\u00e4ftigungstherapie mit verschiedenen Projekten<\/span><\/h4>\n<ul>\n<li>Freies Malen<\/li>\n<li>Malen mit Vorgaben<\/li>\n<li>Gestalten eines 4 m langen Bildes f\u00fcr das Treppenhaus<\/li>\n<li>Gestalten eines XXL-gro\u00dfen Adventskalenders<\/li>\n<\/ul>\n<p>(Mai 2007 bis Oktober 2008)<\/p>\n<p>&nbsp;<\/p>\n<p>&nbsp;<\/p>\n<h4><span style=\"color: #800080;\">Kunst verbindet Jung und Alt<\/span><\/h4>\n<p>Malsch\u00fcler malen mit den Bewohnern des Pflegeheims Hirt in Spaichingen ein gro\u00dfes Bild f\u00fcr den Tagesraum.<\/p>\n<p>\u00dcber viele Wochen habe ich mit den Heimbewohnern verschiedene Vogelvorlagen bemalt. Danach besuchten die Malsch\u00fcler das Pflegeheim und malten einen gro\u00dfen Baum und eine Wiese. Die V\u00f6gel fanden in den \u00c4sten des Baumes und im Gras ihren Platz. Das 3 x 3 gro\u00dfe Bild wurde im Tagesraum des Pflegeheims aufgeh\u00e4ngt. (2007)<\/p>\n","protected":false},"excerpt":{"rendered":"<p>Gestaltungs- und Besch\u00e4ftigungstherapie mit verschiedenen Projekten Freies Malen Malen mit Vorgaben Gestalten eines 4 m langen Bildes f\u00fcr das Treppenhaus Gestalten eines XXL-gro\u00dfen Adventskalenders (Mai 2007 bis Oktober 2008) &nbsp; &nbsp; Kunst verbindet Jung und Alt Malsch\u00fcler malen mit den &hellip; <a href=\"http:\/\/astrid-kruse.de\/?portfolio=kunst-verbindet-jung-und-alt-malschueler-malen-mit-heimbewohnern\">Weiter<\/a><\/p>\n","protected":false},"author":2,"featured_media":793,"menu_order":0,"comment_status":"open","ping_status":"open","template":"","meta":[],"portfolio-type":[17],"jetpack_sharing_enabled":true,"_links":{"self":[{"href":"http:\/\/astrid-kruse.de\/index.php?rest_route=\/wp\/v2\/portfolio\/790"}],"collection":[{"href":"http:\/\/astrid-kruse.de\/index.php?rest_route=\/wp\/v2\/portfolio"}],"about":[{"href":"http:\/\/astrid-kruse.de\/index.php?rest_route=\/wp\/v2\/types\/portfolio"}],"author":[{"embeddable":true,"href":"http:\/\/astrid-kruse.de\/index.php?rest_route=\/wp\/v2\/users\/2"}],"replies":[{"embeddable":true,"href":"http:\/\/astrid-kruse.de\/index.php?rest_route=%2Fwp%2Fv2%2Fcomments&post=790"}],"wp:featuredmedia":[{"embeddable":true,"href":"http:\/\/astrid-kruse.de\/index.php?rest_route=\/wp\/v2\/media\/793"}],"wp:attachment":[{"href":"http:\/\/astrid-kruse.de\/index.php?rest_route=%2Fwp%2Fv2%2Fmedia&parent=790"}],"wp:term":[{"taxonomy":"portfolio-type","embeddable":true,"href":"http:\/\/astrid-kruse.de\/index.php?rest_route=%2Fwp%2Fv2%2Fportfolio-type&post=790"}],"curies":[{"name":"wp","href":"https:\/\/api.w.org\/{rel}","templated":true}]}}